{"id":8,"date":"2021-02-11T09:25:04","date_gmt":"2021-02-11T09:25:04","guid":{"rendered":"https:\/\/arteconsentido.org\/ciclodemusicos\/?page_id=8"},"modified":"2025-03-16T20:35:21","modified_gmt":"2025-03-16T20:35:21","slug":"mexico-2022","status":"publish","type":"page","link":"https:\/\/arteconsentido.org\/ciclodemusicos\/?page_id=8","title":{"rendered":"M\u00e9xico 2022-23"},"content":{"rendered":"\n<div style=\"height:100px\" aria-hidden=\"true\" class=\"wp-block-spacer\"><\/div>\n\n\n\n<div class=\"wp-block-columns is-layout-flex wp-container-core-columns-is-layout-28f84493 wp-block-columns-is-layout-flex\">\n<div class=\"wp-block-column is-layout-flow wp-block-column-is-layout-flow\" style=\"flex-basis:5%\"><\/div>\n\n\n\n<div class=\"wp-block-column is-layout-flow wp-block-column-is-layout-flow\" style=\"flex-basis:90%\">\n<p class=\"has-text-align-center\" style=\"font-size:35px\"><strong>Ciclo de M\u00fasicos Espa\u00f1oles en M\u00e9xico<\/strong><\/p>\n\n\n\n<p class=\"\"><\/p>\n\n\n\n<p class=\"has-text-align-justify\">Con esta segunda versi\u00f3n del Ciclo, organizada en colaboraci\u00f3n con el Grupo Belceti S.A. de C.V., y despu\u00e9s de la magn\u00edfica experiencia en Colombia, hemos buscado generar una mayor impacto a nivel cultural generando alianzas con instituciones culturales muy relevantes en M\u00e9xico y colaborando en festivales de primer orden tanto en Cuidad de M\u00e9xico, Guadalajara y M\u00e9rida, hemos llegado a m\u00e1s j\u00f3venes talentos y a un p\u00fablico a\u00fan m\u00e1s amplio a trav\u00e9s del streaming de algunos de los eventos,  haciendo de este, un ciclo semipresencial, en colaboraci\u00f3n con las instituciones que lo acogieron en cada ciudad. Deseamos que se fortalezcan los v\u00ednculos de cooperaci\u00f3n a nivel cultural entre Espa\u00f1a y M\u00e9xico y que podamos brindar una v\u00eda de apoyo a j\u00f3venes talentos para poder impulsar sus carreras.<\/p>\n\n\n\n<p class=\"\">Durante el Ciclo de M\u00fasicos Espa\u00f1oles se realizaron conciertos, workshops, conferencias, masterclasses y  procesos de audici\u00f3n a j\u00f3venes talentos mexicanos, los m\u00fasicos del ciclo  participaron como jurados en  concursos nacionales y panamericanos dentro de algunos de los festivales en los que se ha colaborado. Los conciertos fueron llevados a cabo por los m\u00fasicos espa\u00f1oles que han participado en el Ciclo siendo seleccionados por la instituci\u00f3n que cada uno representa. Los festivales y aniversarios en los que  hemos colaborado han sido: Festival Guitunam , 70 aniversario del Departamento de M\u00fasica de la Universidad de Guadalajara,  XIX Encuentro Universitario internacional de Saxof\u00f3n M\u00e9xico 2022, Foro Internacional de Musica Nueva Manuel Enriquez &#8220;FIMNME&#8221;, colaborado con la orquesta de C\u00e1mara Higinio Ruvalcaba, Festival ClariSax ,  XX Aniversario del Centro Cultural de Espa\u00f1a en M\u00e9xico , Feria Internacional de la M\u00fasica &#8220;Fim GDL&#8221; ,  VIII Festival Universitario de Oboe UNAM y hemos finalizado colaborado con la Orquesta Filarmonica OFUNAM.<\/p>\n\n\n\n<p class=\"\">Como manera introductoria al ciclo hemos tenido un encuentro de artistas tanto espa\u00f1oles como mexicanos, en 5 <em>Conversatorios Online<\/em> con cada uno de los m\u00fasicos y representantes de cada una de las instituciones mexicanas que acogen el ciclo.  Puedes ver las sesiones en el apartado de Ciclo Online.<\/p>\n\n\n\n<hr class=\"is-style-dots wp-block-separator has-alpha-channel-opacity\"\/>\n\n\n\n<h2 class=\"wp-block-heading has-text-align-center\"><a href=\"https:\/\/arteconsentido.org\/ciclodemusicos\/?page_id=521\" target=\"_blank\" rel=\"noreferrer noopener\"><mark style=\"background-color:rgba(0, 0, 0, 0)\" class=\"has-inline-color has-ast-global-color-5-color\"><strong> Agenda de Conciertos del Ciclo de M\u00fasicos Espa\u00f1oles en M\u00e9xico <\/strong><\/mark><\/a>2022<\/h2>\n\n\n\n<hr class=\"is-style-dots wp-block-separator has-alpha-channel-opacity\"\/>\n\n\n\n<div style=\"height:24px\" aria-hidden=\"true\" class=\"wp-block-spacer\"><\/div>\n\n\n\n<div style=\"height:52px\" aria-hidden=\"true\" class=\"wp-block-spacer\"><\/div>\n\n\n\n<p class=\"has-text-align-center\" style=\"font-size:35px\">M\u00fasicos Espa\u00f1oles que han participado:<\/p>\n\n\n\n<div class=\"wp-block-columns is-layout-flex wp-container-core-columns-is-layout-28f84493 wp-block-columns-is-layout-flex\">\n<div class=\"wp-block-column is-layout-flow wp-block-column-is-layout-flow\" style=\"flex-basis:5%\"><\/div>\n\n\n\n<div class=\"wp-block-column is-layout-flow wp-block-column-is-layout-flow\" style=\"flex-basis:35%\">\n<figure class=\"wp-block-image size-large\"><img data-recalc-dims=\"1\" fetchpriority=\"high\" decoding=\"async\" width=\"500\" height=\"600\" src=\"https:\/\/i0.wp.com\/arteconsentido.org\/ciclodemusicos\/wp-content\/uploads\/2021\/03\/Victor-Manuel-Estebas.jpg?resize=500%2C600&#038;ssl=1\" alt=\"\" class=\"wp-image-424\" srcset=\"https:\/\/i0.wp.com\/arteconsentido.org\/ciclodemusicos\/wp-content\/uploads\/2021\/03\/Victor-Manuel-Estebas.jpg?w=500&amp;ssl=1 500w, https:\/\/i0.wp.com\/arteconsentido.org\/ciclodemusicos\/wp-content\/uploads\/2021\/03\/Victor-Manuel-Estebas.jpg?resize=250%2C300&amp;ssl=1 250w\" sizes=\"(max-width: 500px) 100vw, 500px\" \/><\/figure>\n\n\n\n<p class=\"\"><\/p>\n<\/div>\n\n\n\n<div class=\"wp-block-column is-layout-flow wp-block-column-is-layout-flow\" style=\"flex-basis:5%\"><\/div>\n\n\n\n<div class=\"wp-block-column is-layout-flow wp-block-column-is-layout-flow\" style=\"flex-basis:35%\">\n<p style=\"font-size:30px\" class=\"\"><strong>Victor Manuel \u00c1nchel Estebas<\/strong><\/p>\n\n\n\n<p class=\"\">Solista de Oboe de la Orquesta Nacional de Espa\u00f1a. Concertista, pedagogo y escritor.<br>En representaci\u00f3n de la <strong>Escuela Superior de M\u00fasica Reina Sof\u00eda<\/strong> en donde imparte clases de Oboe, Perfeccionamiento Orquestal y M\u00fasica de C\u00e1mara. <\/p>\n\n\n\n<p class=\"has-white-color has-text-color\"><a rel=\"noreferrer noopener\" href=\"https:\/\/www.escuelasuperiordemusicareinasofia.es\/profesor\/victor-manuel-anchel\" data-type=\"URL\" data-id=\"https:\/\/www.escuelasuperiordemusicareinasofia.es\/profesor\/victor-manuel-anchel\" target=\"_blank\"><strong><mark style=\"background-color:rgba(0, 0, 0, 0)\" class=\"has-inline-color has-ast-global-color-5-color\">[Ver Biograf\u00eda]<\/mark><\/strong><\/a><\/p>\n\n\n\n<p class=\"\"><\/p>\n\n\n\n<div style=\"height:100px\" aria-hidden=\"true\" class=\"wp-block-spacer\"><\/div>\n<\/div>\n<\/div>\n\n\n\n<div class=\"wp-block-columns is-layout-flex wp-container-core-columns-is-layout-28f84493 wp-block-columns-is-layout-flex\">\n<div class=\"wp-block-column is-layout-flow wp-block-column-is-layout-flow\" style=\"flex-basis:5%\"><\/div>\n\n\n\n<div class=\"wp-block-column is-layout-flow wp-block-column-is-layout-flow\" style=\"flex-basis:35%\">\n<figure class=\"wp-block-image size-large\"><img data-recalc-dims=\"1\" decoding=\"async\" width=\"500\" height=\"600\" src=\"https:\/\/i0.wp.com\/arteconsentido.org\/ciclodemusicos\/wp-content\/uploads\/2021\/02\/Pedro-Pablo-Ca%CC%81mara.jpg?resize=500%2C600&#038;ssl=1\" alt=\"\" class=\"wp-image-235\" srcset=\"https:\/\/i0.wp.com\/arteconsentido.org\/ciclodemusicos\/wp-content\/uploads\/2021\/02\/Pedro-Pablo-Ca%CC%81mara.jpg?w=500&amp;ssl=1 500w, https:\/\/i0.wp.com\/arteconsentido.org\/ciclodemusicos\/wp-content\/uploads\/2021\/02\/Pedro-Pablo-Ca%CC%81mara.jpg?resize=250%2C300&amp;ssl=1 250w\" sizes=\"(max-width: 500px) 100vw, 500px\" \/><\/figure>\n\n\n\n<p class=\"\"><\/p>\n<\/div>\n\n\n\n<div class=\"wp-block-column is-layout-flow wp-block-column-is-layout-flow\" style=\"flex-basis:5%\"><\/div>\n\n\n\n<div class=\"wp-block-column is-layout-flow wp-block-column-is-layout-flow\" style=\"flex-basis:35%\">\n<p style=\"font-size:30px\" class=\"\"><strong>Pedro Pablo C\u00e1mara<\/strong><\/p>\n\n\n\n<p class=\"\">Saxofonista e investigador art\u00edstico<br>Concertista solista y miembro de diferentes formaciones orquestales y camer\u00edsticas<br>En representaci\u00f3n del <strong>Centro Superior de M\u00fasica Katarina Gurska.<\/strong>  <\/p>\n\n\n\n<p class=\"\"><a href=\"https:\/\/katarinagurska.com\/profesor\/pedro-pablo-camara\/\" target=\"_blank\" rel=\"noreferrer noopener\"><mark style=\"background-color:rgba(0, 0, 0, 0)\" class=\"has-inline-color has-ast-global-color-5-color\"><strong>[Ver Biograf\u00eda]<\/strong><\/mark><\/a><\/p>\n\n\n\n<p class=\"\"><a rel=\"noreferrer noopener\" href=\"http:\/\/www.pedropablocamara.com\/\" target=\"_blank\"><span class=\"has-inline-color has-white-color\">http:\/\/www.pedropablocamara.com\/<\/span><\/a><\/p>\n<\/div>\n<\/div>\n\n\n\n<div class=\"wp-block-columns is-layout-flex wp-container-core-columns-is-layout-28f84493 wp-block-columns-is-layout-flex\">\n<div class=\"wp-block-column is-layout-flow wp-block-column-is-layout-flow\" style=\"flex-basis:5%\"><\/div>\n\n\n\n<div class=\"wp-block-column is-layout-flow wp-block-column-is-layout-flow\" style=\"flex-basis:35%\">\n<figure class=\"wp-block-image size-large\"><img data-recalc-dims=\"1\" decoding=\"async\" width=\"500\" height=\"600\" src=\"https:\/\/i0.wp.com\/arteconsentido.org\/ciclodemusicos\/wp-content\/uploads\/2021\/02\/Javier-Somoza.jpg?resize=500%2C600&#038;ssl=1\" alt=\"\" class=\"wp-image-241\" srcset=\"https:\/\/i0.wp.com\/arteconsentido.org\/ciclodemusicos\/wp-content\/uploads\/2021\/02\/Javier-Somoza.jpg?w=500&amp;ssl=1 500w, https:\/\/i0.wp.com\/arteconsentido.org\/ciclodemusicos\/wp-content\/uploads\/2021\/02\/Javier-Somoza.jpg?resize=250%2C300&amp;ssl=1 250w\" sizes=\"(max-width: 500px) 100vw, 500px\" \/><\/figure>\n\n\n\n<p class=\"\"><\/p>\n<\/div>\n\n\n\n<div class=\"wp-block-column is-layout-flow wp-block-column-is-layout-flow\" style=\"flex-basis:5%\"><\/div>\n\n\n\n<div class=\"wp-block-column is-layout-flow wp-block-column-is-layout-flow\" style=\"flex-basis:35%\">\n<p style=\"font-size:30px\" class=\"\"><strong>Javier Somoza<\/strong><\/p>\n\n\n\n<p class=\"\">Guitarra Cl\u00e1sica. Concertista y Catedr\u00e1tico.<br>Director Art\u00edstico del Concurso Internacional de guitarra \u201cFernando Sor&#8221;.<br>En representaci\u00f3n del <strong>Real Conservatorio Superior de M\u00fasica de Madrid \u2013 RCSMM<\/strong><\/p>\n\n\n\n<p class=\"\"><a rel=\"noreferrer noopener\" href=\"https:\/\/katarinagurska.com\/profesor\/javier-somoza\/\" target=\"_blank\"><strong><mark style=\"background-color:rgba(0, 0, 0, 0)\" class=\"has-inline-color has-ast-global-color-5-color\">[Ver Biograf\u00eda]<\/mark><\/strong><\/a><\/p>\n<\/div>\n<\/div>\n\n\n\n<div class=\"wp-block-columns is-layout-flex wp-container-core-columns-is-layout-28f84493 wp-block-columns-is-layout-flex\">\n<div class=\"wp-block-column is-layout-flow wp-block-column-is-layout-flow\" style=\"flex-basis:5%\"><\/div>\n\n\n\n<div class=\"wp-block-column is-layout-flow wp-block-column-is-layout-flow\" style=\"flex-basis:35%\">\n<figure class=\"wp-block-image size-large\"><img data-recalc-dims=\"1\" loading=\"lazy\" decoding=\"async\" width=\"500\" height=\"600\" src=\"https:\/\/i0.wp.com\/arteconsentido.org\/ciclodemusicos\/wp-content\/uploads\/2021\/02\/Edu.jpg?resize=500%2C600&#038;ssl=1\" alt=\"\" class=\"wp-image-243\" srcset=\"https:\/\/i0.wp.com\/arteconsentido.org\/ciclodemusicos\/wp-content\/uploads\/2021\/02\/Edu.jpg?w=500&amp;ssl=1 500w, https:\/\/i0.wp.com\/arteconsentido.org\/ciclodemusicos\/wp-content\/uploads\/2021\/02\/Edu.jpg?resize=250%2C300&amp;ssl=1 250w\" sizes=\"(max-width: 500px) 100vw, 500px\" \/><\/figure>\n\n\n\n<p class=\"\"><\/p>\n<\/div>\n\n\n\n<div class=\"wp-block-column is-layout-flow wp-block-column-is-layout-flow\" style=\"flex-basis:5%\"><\/div>\n\n\n\n<div class=\"wp-block-column is-layout-flow wp-block-column-is-layout-flow\" style=\"flex-basis:35%\">\n<p style=\"font-size:30px\" class=\"\"><strong>Ed Ostos A.K.A Ed is Dead<\/strong><\/p>\n\n\n\n<p class=\"\">DJ, productor y compositor de M\u00fasica Electr\u00f3nica<br>Extensa trayectoria colaborando y produciendo artistas reconocidos a nivel nacional e internacional.<br>En representaci\u00f3n de <strong>SAE Institute Madrid<\/strong><\/p>\n\n\n\n<p class=\"\"><a href=\"https:\/\/edisdead.es#bio\" target=\"_blank\" rel=\"noreferrer noopener\"><mark style=\"background-color:rgba(0, 0, 0, 0)\" class=\"has-inline-color has-ast-global-color-5-color\"><strong>[Ver Biograf\u00eda]<\/strong><\/mark><\/a><\/p>\n\n\n\n<p class=\"\"><a href=\"https:\/\/edisdead.es\"><strong><mark style=\"background-color:rgba(0, 0, 0, 0)\" class=\"has-inline-color has-ast-global-color-5-color\">https:\/\/edisdead.es<\/mark><\/strong><\/a><\/p>\n<\/div>\n<\/div>\n\n\n\n<div class=\"wp-block-columns is-layout-flex wp-container-core-columns-is-layout-28f84493 wp-block-columns-is-layout-flex\">\n<div class=\"wp-block-column is-layout-flow wp-block-column-is-layout-flow\" style=\"flex-basis:5%\"><\/div>\n\n\n\n<div class=\"wp-block-column is-layout-flow wp-block-column-is-layout-flow\" style=\"flex-basis:35%\"><\/div>\n\n\n\n<div class=\"wp-block-column is-layout-flow wp-block-column-is-layout-flow\" style=\"flex-basis:5%\"><\/div>\n\n\n\n<div class=\"wp-block-column is-layout-flow wp-block-column-is-layout-flow\" style=\"flex-basis:35%\">\n<div style=\"height:62px\" aria-hidden=\"true\" class=\"wp-block-spacer\"><\/div>\n<\/div>\n<\/div>\n\n\n\n<div style=\"height:64px\" aria-hidden=\"true\" class=\"wp-block-spacer\"><\/div>\n\n\n\n<h2 class=\"wp-block-heading has-text-align-center\"><strong>V\u00eddeos de la Participaci\u00f3n de los Artistas del Ciclo en M\u00e9xico<\/strong><\/h2>\n\n\n\n<div style=\"height:33px\" aria-hidden=\"true\" class=\"wp-block-spacer\"><\/div>\n\n\n\n<h1 class=\"wp-block-heading\"><strong>Javier Somoza<\/strong><\/h1>\n\n\n\n<h2 class=\"wp-block-heading\">Concierto en GuitUNAM 2022<\/h2>\n\n\n\n<div class=\"wp-block-columns is-layout-flex wp-container-core-columns-is-layout-28f84493 wp-block-columns-is-layout-flex\">\n<div class=\"wp-block-column is-layout-flow wp-block-column-is-layout-flow\">\n<figure class=\"wp-embed-aspect-16-9 wp-has-aspect-ratio wp-block-embed is-type-video is-provider-youtube wp-block-embed-youtube\"><div class=\"wp-block-embed__wrapper\">\n<iframe title=\"GuitUNAM 2022 Javier Somoza Fandangos\" width=\"500\" height=\"281\" src=\"https:\/\/www.youtube.com\/embed\/YSgPjmO7yik?feature=oembed\" frameborder=\"0\" allow=\"accelerometer; autoplay; clipboard-write; encrypted-media; gyroscope; picture-in-picture; web-share\" referrerpolicy=\"strict-origin-when-cross-origin\" allowfullscreen><\/iframe>\n<\/div><\/figure>\n<\/div>\n\n\n\n<div class=\"wp-block-column is-layout-flow wp-block-column-is-layout-flow\">\n<figure class=\"wp-embed-aspect-16-9 wp-has-aspect-ratio wp-block-embed is-type-video is-provider-youtube wp-block-embed-youtube\"><div class=\"wp-block-embed__wrapper\">\n<iframe title=\"GuitUNAM 2022 Javier Somoza Sonatina Meridional 1er Movimiento\" width=\"500\" height=\"281\" src=\"https:\/\/www.youtube.com\/embed\/lLV4aprvJVs?feature=oembed\" frameborder=\"0\" allow=\"accelerometer; autoplay; clipboard-write; encrypted-media; gyroscope; picture-in-picture; web-share\" referrerpolicy=\"strict-origin-when-cross-origin\" allowfullscreen><\/iframe>\n<\/div><\/figure>\n<\/div>\n<\/div>\n\n\n\n<div style=\"height:46px\" aria-hidden=\"true\" class=\"wp-block-spacer\"><\/div>\n\n\n\n<h2 class=\"wp-block-heading\">Conversatorios online GuitUNAM 2022<\/h2>\n\n\n\n<div class=\"wp-block-columns is-layout-flex wp-container-core-columns-is-layout-28f84493 wp-block-columns-is-layout-flex\">\n<div class=\"wp-block-column is-layout-flow wp-block-column-is-layout-flow\">\n<h4 class=\"wp-block-heading has-text-align-center\"><strong><a href=\"https:\/\/www.facebook.com\/FaMusicaUNAM\/videos\/1001425707918285\/\" target=\"_blank\" rel=\"noreferrer noopener\"><mark style=\"background-color:rgba(0, 0, 0, 0)\" class=\"has-inline-color has-ast-global-color-5-color\">CONVERSATORIO 1<\/mark><\/a><\/strong><\/h4>\n<\/div>\n\n\n\n<div class=\"wp-block-column is-layout-flow wp-block-column-is-layout-flow\">\n<h4 class=\"wp-block-heading has-text-align-center\"><a rel=\"noreferrer noopener\" href=\"https:\/\/www.facebook.com\/FaMusicaUNAM\/videos\/1339465349920081\/\" target=\"_blank\"><mark style=\"background-color:rgba(0, 0, 0, 0)\" class=\"has-inline-color has-ast-global-color-5-color\"><strong><strong>CONVERSATORIO <\/strong><\/strong>2<\/mark><\/a><\/h4>\n<\/div>\n\n\n\n<div class=\"wp-block-column is-layout-flow wp-block-column-is-layout-flow\">\n<h4 class=\"wp-block-heading has-text-align-center\"><a rel=\"noreferrer noopener\" href=\"https:\/\/www.facebook.com\/FaMusicaUNAM\/videos\/1066317587364951\/\" target=\"_blank\"><mark style=\"background-color:rgba(0, 0, 0, 0)\" class=\"has-inline-color has-ast-global-color-5-color\"><strong><strong>CONVERSATORIO <\/strong><\/strong>3<\/mark><\/a><\/h4>\n<\/div>\n\n\n\n<div class=\"wp-block-column is-layout-flow wp-block-column-is-layout-flow\">\n<h4 class=\"wp-block-heading has-text-align-center\"><a rel=\"noreferrer noopener\" href=\"https:\/\/www.facebook.com\/FaMusicaUNAM\/videos\/850331235959896\/\" target=\"_blank\"><mark style=\"background-color:rgba(0, 0, 0, 0)\" class=\"has-inline-color has-ast-global-color-5-color\"><strong><strong>CONVERSATORIO <\/strong><\/strong>4<\/mark><\/a><\/h4>\n<\/div>\n<\/div>\n\n\n\n<div style=\"height:27px\" aria-hidden=\"true\" class=\"wp-block-spacer\"><\/div>\n\n\n\n<div class=\"wp-block-columns has-link-color wp-elements-2fb9baa84d66a2a743dee64d046259b7 is-layout-flex wp-container-core-columns-is-layout-28f84493 wp-block-columns-is-layout-flex\">\n<div class=\"wp-block-column is-layout-flow wp-block-column-is-layout-flow\" style=\"flex-basis:25%\"><\/div>\n\n\n\n<div class=\"wp-block-column is-layout-flow wp-block-column-is-layout-flow\" style=\"flex-basis:50%\">\n<h2 class=\"wp-block-heading has-text-align-center\"><a href=\"https:\/\/www.facebook.com\/watch\/?extid=NS-UNK-UNK-UNK-AN_GK0T-GK1C&amp;mibextid=2Rb1fB&amp;v=697359474751097\" target=\"_blank\" rel=\"noreferrer noopener\">Video de Presentaci\u00f3n GUITUNAM<\/a><\/h2>\n<\/div>\n\n\n\n<div class=\"wp-block-column is-layout-flow wp-block-column-is-layout-flow\" style=\"flex-basis:25%\"><\/div>\n<\/div>\n\n\n\n<div style=\"height:48px\" aria-hidden=\"true\" class=\"wp-block-spacer\"><\/div>\n\n\n\n<h1 class=\"wp-block-heading\"><strong>Pedro Pablo C\u00e1mara<\/strong><\/h1>\n\n\n\n<h2 class=\"wp-block-heading\">Concierto de Gala del encuentro Universitario Internacional de Saxof\u00f3n M\u00e9xico 2022<\/h2>\n\n\n\n<div style=\"height:39px\" aria-hidden=\"true\" class=\"wp-block-spacer\"><\/div>\n\n\n\n<div class=\"wp-block-columns is-layout-flex wp-container-core-columns-is-layout-28f84493 wp-block-columns-is-layout-flex\">\n<div class=\"wp-block-column is-layout-flow wp-block-column-is-layout-flow\" style=\"border-style:none;border-width:0px;flex-basis:5%\"><\/div>\n\n\n\n<div class=\"wp-block-column has-small-font-size is-layout-flow wp-block-column-is-layout-flow\">\n<figure class=\"wp-embed-aspect-16-9 wp-has-aspect-ratio wp-block-embed is-type-video is-provider-youtube wp-block-embed-youtube\"><div class=\"wp-block-embed__wrapper\">\n<iframe title=\"Concierto [FRAGMENTO] de Gala del encuentro Universitario Internacional de Saxof\u00f3n M\u00e9xico 2022\" width=\"500\" height=\"281\" src=\"https:\/\/www.youtube.com\/embed\/atgSvKoLwKg?feature=oembed\" frameborder=\"0\" allow=\"accelerometer; autoplay; clipboard-write; encrypted-media; gyroscope; picture-in-picture; web-share\" referrerpolicy=\"strict-origin-when-cross-origin\" allowfullscreen><\/iframe>\n<\/div><\/figure>\n<\/div>\n\n\n\n<div class=\"wp-block-column is-layout-flow wp-block-column-is-layout-flow\">\n<figure class=\"wp-embed-aspect-16-9 wp-has-aspect-ratio wp-block-embed is-type-video is-provider-youtube wp-block-embed-youtube\"><div class=\"wp-block-embed__wrapper\">\n<iframe title=\"Concierto [COMPLETO] de Gala del encuentro Universitario Internacional de Saxof\u00f3n M\u00e9xico 2022\" width=\"500\" height=\"281\" src=\"https:\/\/www.youtube.com\/embed\/gqNcvO21b3Y?feature=oembed\" frameborder=\"0\" allow=\"accelerometer; autoplay; clipboard-write; encrypted-media; gyroscope; picture-in-picture; web-share\" referrerpolicy=\"strict-origin-when-cross-origin\" allowfullscreen><\/iframe>\n<\/div><\/figure>\n<\/div>\n\n\n\n<div class=\"wp-block-column has-small-font-size is-layout-flow wp-block-column-is-layout-flow\" style=\"padding-top:0;padding-right:0;padding-bottom:0;padding-left:0;flex-basis:5%\"><\/div>\n<\/div>\n\n\n\n<div style=\"height:44px\" aria-hidden=\"true\" class=\"wp-block-spacer\"><\/div>\n\n\n\n<h1 class=\"wp-block-heading\"><strong>Edu Ostos a.k.a. Ed is Dead<\/strong><\/h1>\n\n\n\n<h2 class=\"wp-block-heading\">BECA SAE SPAIN &#8211; GANADOR<\/h2>\n\n\n\n<div style=\"height:3px\" aria-hidden=\"true\" class=\"wp-block-spacer\"><\/div>\n\n\n\n<h3 class=\"wp-block-heading\">PROCESO DE AUDICI\u00d3N ONLINE y ANUNCIO DEL GANADOR DE LA BECA<\/h3>\n\n\n\n<div style=\"height:14px\" aria-hidden=\"true\" class=\"wp-block-spacer\"><\/div>\n\n\n\n<div class=\"wp-block-columns is-layout-flex wp-container-core-columns-is-layout-28f84493 wp-block-columns-is-layout-flex\">\n<div class=\"wp-block-column is-layout-flow wp-block-column-is-layout-flow\">\n<div style=\"height:9px\" aria-hidden=\"true\" class=\"wp-block-spacer\"><\/div>\n\n\n\n<figure class=\"wp-embed-aspect-16-9 wp-has-aspect-ratio wp-block-embed is-type-video is-provider-youtube wp-block-embed-youtube\"><div class=\"wp-block-embed__wrapper\">\n<iframe title=\"Audici\u00f3n Online de Brandon Andrade con Ed is Dead\" width=\"500\" height=\"281\" src=\"https:\/\/www.youtube.com\/embed\/9538XjCOMCY?feature=oembed\" frameborder=\"0\" allow=\"accelerometer; autoplay; clipboard-write; encrypted-media; gyroscope; picture-in-picture; web-share\" referrerpolicy=\"strict-origin-when-cross-origin\" allowfullscreen><\/iframe>\n<\/div><\/figure>\n<\/div>\n\n\n\n<div class=\"wp-block-column is-layout-flow wp-block-column-is-layout-flow\">\n<div style=\"height:8px\" aria-hidden=\"true\" class=\"wp-block-spacer\"><\/div>\n\n\n\n<figure class=\"wp-embed-aspect-16-9 wp-has-aspect-ratio wp-block-embed is-type-video is-provider-youtube wp-block-embed-youtube\"><div class=\"wp-block-embed__wrapper\">\n<iframe title=\"[ANUNCIO] Ed is Dead anuncia al ganador de la beca de SAE Spain\" width=\"500\" height=\"281\" src=\"https:\/\/www.youtube.com\/embed\/YVXie5ikX7c?feature=oembed\" frameborder=\"0\" allow=\"accelerometer; autoplay; clipboard-write; encrypted-media; gyroscope; picture-in-picture; web-share\" referrerpolicy=\"strict-origin-when-cross-origin\" allowfullscreen><\/iframe>\n<\/div><\/figure>\n<\/div>\n<\/div>\n\n\n\n<p class=\"\"><\/p>\n\n\n\n<div style=\"height:51px\" aria-hidden=\"true\" class=\"wp-block-spacer\"><\/div>\n\n\n\n<h3 class=\"wp-block-heading\">PARTICIPACI\u00d3N DE ED IS DEAD EN EL CICLO DE M\u00daSICOS ESPA\u00d1OLES EN M\u00c9XICO<\/h3>\n\n\n\n<div class=\"wp-block-columns is-layout-flex wp-container-core-columns-is-layout-28f84493 wp-block-columns-is-layout-flex\">\n<div class=\"wp-block-column is-layout-flow wp-block-column-is-layout-flow\" style=\"flex-basis:5%\"><\/div>\n\n\n\n<div class=\"wp-block-column is-layout-flow wp-block-column-is-layout-flow\">\n<div style=\"height:39px\" aria-hidden=\"true\" class=\"wp-block-spacer\"><\/div>\n\n\n\n<figure class=\"wp-block-video\"><video height=\"360\" style=\"aspect-ratio: 640 \/ 360;\" width=\"640\" controls src=\"https:\/\/arteconsentido.org\/ciclodemusicos\/wp-content\/uploads\/2022\/12\/Entrevista-Ed-is-Dead-1.mp4\"><\/video><figcaption class=\"wp-element-caption\">Entrevista a Ed is Dead en FIMPRO<\/figcaption><\/figure>\n<\/div>\n\n\n\n<div class=\"wp-block-column is-layout-flow wp-block-column-is-layout-flow\">\n<div style=\"height:38px\" aria-hidden=\"true\" class=\"wp-block-spacer\"><\/div>\n\n\n\n<figure class=\"wp-embed-aspect-16-9 wp-has-aspect-ratio wp-block-embed is-type-video is-provider-youtube wp-block-embed-youtube\"><div class=\"wp-block-embed__wrapper\">\n<iframe title=\"[RESUMEN] Ed is Dead en el Ciclo de M\u00fasicos Espa\u00f1oles en M\u00e9xico\" width=\"500\" height=\"281\" src=\"https:\/\/www.youtube.com\/embed\/3_3UDoZlgMI?feature=oembed\" frameborder=\"0\" allow=\"accelerometer; autoplay; clipboard-write; encrypted-media; gyroscope; picture-in-picture; web-share\" referrerpolicy=\"strict-origin-when-cross-origin\" allowfullscreen><\/iframe>\n<\/div><\/figure>\n<\/div>\n\n\n\n<div class=\"wp-block-column is-layout-flow wp-block-column-is-layout-flow\" style=\"flex-basis:5%\"><\/div>\n<\/div>\n\n\n\n<div style=\"height:55px\" aria-hidden=\"true\" class=\"wp-block-spacer\"><\/div>\n\n\n\n<h1 class=\"wp-block-heading\"><strong>Victor Manuel \u00c1nchel Estebas<\/strong><\/h1>\n\n\n\n<div style=\"height:35px\" aria-hidden=\"true\" class=\"wp-block-spacer\"><\/div>\n\n\n\n<div class=\"wp-block-columns is-layout-flex wp-container-core-columns-is-layout-28f84493 wp-block-columns-is-layout-flex\">\n<div class=\"wp-block-column is-layout-flow wp-block-column-is-layout-flow\" style=\"flex-basis:5%\"><\/div>\n\n\n\n<div class=\"wp-block-column is-layout-flow wp-block-column-is-layout-flow\">\n<figure class=\"wp-embed-aspect-16-9 wp-has-aspect-ratio wp-block-embed is-type-video is-provider-youtube wp-block-embed-youtube\"><div class=\"wp-block-embed__wrapper\">\n<iframe title=\"Taller de Capacitacio\u0301n para las audiciones de Oboe\" width=\"500\" height=\"281\" src=\"https:\/\/www.youtube.com\/embed\/abN8asLFJ10?feature=oembed\" frameborder=\"0\" allow=\"accelerometer; autoplay; clipboard-write; encrypted-media; gyroscope; picture-in-picture; web-share\" referrerpolicy=\"strict-origin-when-cross-origin\" allowfullscreen><\/iframe>\n<\/div><\/figure>\n<\/div>\n\n\n\n<div class=\"wp-block-column is-layout-flow wp-block-column-is-layout-flow\">\n<figure class=\"wp-embed-aspect-16-9 wp-has-aspect-ratio wp-block-embed is-type-video is-provider-youtube wp-block-embed-youtube\"><div class=\"wp-block-embed__wrapper\">\n<iframe title=\"3er Mov. Concierto para Oboe y Cuerdas de Vaughan Williams - Victor A\u0301nchel Estebas Oboe y la OFUNAM\" width=\"500\" height=\"281\" src=\"https:\/\/www.youtube.com\/embed\/jQHyc4-lkSE?feature=oembed\" frameborder=\"0\" allow=\"accelerometer; autoplay; clipboard-write; encrypted-media; gyroscope; picture-in-picture; web-share\" referrerpolicy=\"strict-origin-when-cross-origin\" allowfullscreen><\/iframe>\n<\/div><figcaption class=\"wp-element-caption\">Concierto originalmente transmitido en vivo a trav\u00e9s del portal de la UNAM <a href=\"http:\/\/www.musica.unam.mx\">www.musica.unam.mx<\/a> (programa 10)<\/figcaption><\/figure>\n<\/div>\n\n\n\n<div class=\"wp-block-column is-layout-flow wp-block-column-is-layout-flow\" style=\"flex-basis:5%\"><\/div>\n<\/div>\n\n\n\n<div style=\"height:33px\" aria-hidden=\"true\" class=\"wp-block-spacer\"><\/div>\n\n\n\n<div class=\"wp-block-columns is-layout-flex wp-container-core-columns-is-layout-28f84493 wp-block-columns-is-layout-flex\">\n<div class=\"wp-block-column is-layout-flow wp-block-column-is-layout-flow\" style=\"flex-basis:25%\"><\/div>\n\n\n\n<div class=\"wp-block-column is-layout-flow wp-block-column-is-layout-flow\" style=\"flex-basis:50%\">\n<figure class=\"wp-embed-aspect-16-9 wp-has-aspect-ratio wp-block-embed is-type-video is-provider-youtube wp-block-embed-youtube\"><div class=\"wp-block-embed__wrapper\">\n<iframe title=\"Entrevista al obo\u00edsta espa\u00f1ol Victor A\u0301nchel posterior al concierto con la OFUNAM\" width=\"500\" height=\"281\" src=\"https:\/\/www.youtube.com\/embed\/bEQfKhff724?feature=oembed\" frameborder=\"0\" allow=\"accelerometer; autoplay; clipboard-write; encrypted-media; gyroscope; picture-in-picture; web-share\" referrerpolicy=\"strict-origin-when-cross-origin\" allowfullscreen><\/iframe>\n<\/div><figcaption class=\"wp-element-caption\">Entrevista al obo\u00edsta espa\u00f1ol Victor \u00c1nchel posterior al concierto con la OFUNAM realizada el 20 de noviembre 2022 en la sala Nezahualc\u00f3yotl de la UNAM.<\/figcaption><\/figure>\n<\/div>\n\n\n\n<div class=\"wp-block-column is-layout-flow wp-block-column-is-layout-flow\" style=\"flex-basis:25%\"><\/div>\n<\/div>\n\n\n\n<div style=\"height:46px\" aria-hidden=\"true\" class=\"wp-block-spacer\"><\/div>\n\n\n\n<div class=\"wp-block-columns is-layout-flex wp-container-core-columns-is-layout-28f84493 wp-block-columns-is-layout-flex\">\n<div class=\"wp-block-column is-layout-flow wp-block-column-is-layout-flow\" style=\"flex-basis:50%\">\n<div style=\"height:46px\" aria-hidden=\"true\" class=\"wp-block-spacer\"><\/div>\n<\/div>\n\n\n\n<div class=\"wp-block-column is-layout-flow wp-block-column-is-layout-flow\" style=\"flex-basis:50%\"><\/div>\n<\/div>\n\n\n\n<figure class=\"wp-block-image size-large\"><img data-recalc-dims=\"1\" loading=\"lazy\" decoding=\"async\" width=\"1024\" height=\"515\" src=\"https:\/\/i0.wp.com\/arteconsentido.org\/ciclodemusicos\/wp-content\/uploads\/2025\/03\/photo_5956168090003817764_y.jpg?resize=1024%2C515&#038;ssl=1\" alt=\"\" class=\"wp-image-709\" srcset=\"https:\/\/i0.wp.com\/arteconsentido.org\/ciclodemusicos\/wp-content\/uploads\/2025\/03\/photo_5956168090003817764_y.jpg?resize=1024%2C515&amp;ssl=1 1024w, https:\/\/i0.wp.com\/arteconsentido.org\/ciclodemusicos\/wp-content\/uploads\/2025\/03\/photo_5956168090003817764_y.jpg?resize=300%2C151&amp;ssl=1 300w, https:\/\/i0.wp.com\/arteconsentido.org\/ciclodemusicos\/wp-content\/uploads\/2025\/03\/photo_5956168090003817764_y.jpg?resize=768%2C386&amp;ssl=1 768w, https:\/\/i0.wp.com\/arteconsentido.org\/ciclodemusicos\/wp-content\/uploads\/2025\/03\/photo_5956168090003817764_y.jpg?w=1280&amp;ssl=1 1280w\" sizes=\"(max-width: 1000px) 100vw, 1000px\" \/><\/figure>\n\n\n\n<div style=\"height:46px\" aria-hidden=\"true\" class=\"wp-block-spacer\"><\/div>\n\n\n\n<div class=\"wp-block-columns is-layout-flex wp-container-core-columns-is-layout-28f84493 wp-block-columns-is-layout-flex\">\n<div class=\"wp-block-column is-layout-flow wp-block-column-is-layout-flow\" style=\"flex-basis:100%\">\n<div class=\"wp-block-columns is-layout-flex wp-container-core-columns-is-layout-28f84493 wp-block-columns-is-layout-flex\">\n<div class=\"wp-block-column is-layout-flow wp-block-column-is-layout-flow\" style=\"flex-basis:50%\">\n<figure class=\"wp-block-image size-full\"><img data-recalc-dims=\"1\" loading=\"lazy\" decoding=\"async\" width=\"683\" height=\"1024\" src=\"https:\/\/i0.wp.com\/arteconsentido.org\/ciclodemusicos\/wp-content\/uploads\/2025\/03\/photo_5956168090003817763_y.jpg?resize=683%2C1024&#038;ssl=1\" alt=\"\" class=\"wp-image-712\" srcset=\"https:\/\/i0.wp.com\/arteconsentido.org\/ciclodemusicos\/wp-content\/uploads\/2025\/03\/photo_5956168090003817763_y.jpg?w=683&amp;ssl=1 683w, https:\/\/i0.wp.com\/arteconsentido.org\/ciclodemusicos\/wp-content\/uploads\/2025\/03\/photo_5956168090003817763_y.jpg?resize=200%2C300&amp;ssl=1 200w\" sizes=\"(max-width: 683px) 100vw, 683px\" \/><\/figure>\n<\/div>\n\n\n\n<div class=\"wp-block-column is-layout-flow wp-block-column-is-layout-flow\" style=\"flex-basis:50%\">\n<h2 class=\"wp-block-heading\"><strong>Germ\u00e1n Asensi<\/strong><\/h2>\n\n\n\n<p class=\"\">Trompetista solista de la Orquesta de Radio Televis\u00f3n Espa\u00f1ola.  Concertista y docente, es considerado como uno de los mejores trompetistas de su generaci\u00f3n.<\/p>\n\n\n\n<p class=\"\"> En representaci\u00f3n del <strong> CS Katarina Gurska<\/strong><\/p>\n\n\n\n<p class=\"\"><strong><a href=\"https:\/\/katarinagurska.com\/profesor\/german-asensi\/\"><mark style=\"background-color:rgba(0, 0, 0, 0)\" class=\"has-inline-color has-ast-global-color-5-color\">[ver Biograf\u00eda]<\/mark><\/a><\/strong><\/p>\n<\/div>\n<\/div>\n<\/div>\n<\/div>\n\n\n\n<div style=\"height:46px\" aria-hidden=\"true\" class=\"wp-block-spacer\"><\/div>\n\n\n\n<div class=\"wp-block-columns is-layout-flex wp-container-core-columns-is-layout-28f84493 wp-block-columns-is-layout-flex\">\n<div class=\"wp-block-column is-layout-flow wp-block-column-is-layout-flow\" style=\"flex-basis:100%\">\n<div class=\"wp-block-columns is-layout-flex wp-container-core-columns-is-layout-28f84493 wp-block-columns-is-layout-flex\">\n<div class=\"wp-block-column is-layout-flow wp-block-column-is-layout-flow\" style=\"flex-basis:100%\">\n<div class=\"wp-block-columns is-layout-flex wp-container-core-columns-is-layout-28f84493 wp-block-columns-is-layout-flex\">\n<div class=\"wp-block-column is-layout-flow wp-block-column-is-layout-flow\" style=\"flex-basis:100%\">\n<div class=\"wp-block-columns is-layout-flex wp-container-core-columns-is-layout-28f84493 wp-block-columns-is-layout-flex\">\n<div class=\"wp-block-column is-layout-flow wp-block-column-is-layout-flow\" style=\"flex-basis:100%\">\n<div class=\"wp-block-columns is-layout-flex wp-container-core-columns-is-layout-28f84493 wp-block-columns-is-layout-flex\">\n<div class=\"wp-block-column is-layout-flow wp-block-column-is-layout-flow\" style=\"flex-basis:100%\">\n<div class=\"wp-block-columns is-layout-flex wp-container-core-columns-is-layout-28f84493 wp-block-columns-is-layout-flex\">\n<div class=\"wp-block-column is-layout-flow wp-block-column-is-layout-flow\" style=\"flex-basis:100%\">\n<div class=\"wp-block-columns is-layout-flex wp-container-core-columns-is-layout-28f84493 wp-block-columns-is-layout-flex\">\n<div class=\"wp-block-column is-layout-flow wp-block-column-is-layout-flow\" style=\"flex-basis:100%\">\n<div style=\"height:46px\" aria-hidden=\"true\" class=\"wp-block-spacer\"><\/div>\n\n\n\n<figure class=\"wp-block-image size-large\"><img data-recalc-dims=\"1\" loading=\"lazy\" decoding=\"async\" width=\"1024\" height=\"855\" src=\"https:\/\/i0.wp.com\/arteconsentido.org\/ciclodemusicos\/wp-content\/uploads\/2025\/03\/photo_5956168090003817955_y.jpg?resize=1024%2C855&#038;ssl=1\" alt=\"\" class=\"wp-image-715\" srcset=\"https:\/\/i0.wp.com\/arteconsentido.org\/ciclodemusicos\/wp-content\/uploads\/2025\/03\/photo_5956168090003817955_y.jpg?resize=1024%2C855&amp;ssl=1 1024w, https:\/\/i0.wp.com\/arteconsentido.org\/ciclodemusicos\/wp-content\/uploads\/2025\/03\/photo_5956168090003817955_y.jpg?resize=300%2C251&amp;ssl=1 300w, https:\/\/i0.wp.com\/arteconsentido.org\/ciclodemusicos\/wp-content\/uploads\/2025\/03\/photo_5956168090003817955_y.jpg?resize=768%2C641&amp;ssl=1 768w, https:\/\/i0.wp.com\/arteconsentido.org\/ciclodemusicos\/wp-content\/uploads\/2025\/03\/photo_5956168090003817955_y.jpg?w=1280&amp;ssl=1 1280w\" sizes=\"(max-width: 1000px) 100vw, 1000px\" \/><\/figure>\n<\/div>\n<\/div>\n<\/div>\n<\/div>\n<\/div>\n<\/div>\n<\/div>\n<\/div>\n\n\n\n<div style=\"height:46px\" aria-hidden=\"true\" class=\"wp-block-spacer\"><\/div>\n<\/div>\n<\/div>\n<\/div>\n<\/div>\n<\/div>\n<\/div>\n\n\n\n<h1 class=\"wp-block-heading has-text-align-center\">J\u00d3VENES TALENTOS DE M\u00c9XICO EN ESPA\u00d1A<\/h1>\n\n\n\n<p class=\"has-text-align-center\">J\u00d3VENES GANADORES DE LAS BECAS Y\/O APOYOS EN ESPA\u00d1A 2023-2024<\/p>\n\n\n\n<div style=\"height:25px\" aria-hidden=\"true\" class=\"wp-block-spacer\"><\/div>\n\n\n\n<div class=\"wp-block-columns is-layout-flex wp-container-core-columns-is-layout-28f84493 wp-block-columns-is-layout-flex\">\n<div class=\"wp-block-column is-layout-flow wp-block-column-is-layout-flow\">\n<h2 class=\"wp-block-heading has-text-align-center\">Brenda Coyotl<\/h2>\n\n\n\n<p class=\"has-text-align-center\">Beca CS Katarina Gurska<\/p>\n\n\n\n<figure class=\"wp-embed-aspect-16-9 wp-has-aspect-ratio wp-block-embed is-type-video is-provider-youtube wp-block-embed-youtube\"><div class=\"wp-block-embed__wrapper\">\n<iframe title=\"Brenda Coytl - Joven Talento Ciclo de Musicos Espa\u00f1oles - CS Katarina Gurska\" width=\"500\" height=\"281\" src=\"https:\/\/www.youtube.com\/embed\/lvwCXHJeCR4?feature=oembed\" frameborder=\"0\" allow=\"accelerometer; autoplay; clipboard-write; encrypted-media; gyroscope; picture-in-picture; web-share\" referrerpolicy=\"strict-origin-when-cross-origin\" allowfullscreen><\/iframe>\n<\/div><\/figure>\n<\/div>\n\n\n\n<div class=\"wp-block-column is-vertically-aligned-top is-layout-flow wp-block-column-is-layout-flow\">\n<h2 class=\"wp-block-heading has-text-align-center\">Nedley Robles<\/h2>\n\n\n\n<p class=\"has-text-align-center\">Beca  Esc. Superior de M\u00fasica  Reina Sof\u00eda <\/p>\n\n\n\n<figure class=\"wp-embed-aspect-16-9 wp-has-aspect-ratio wp-block-embed is-type-video is-provider-youtube wp-block-embed-youtube\"><div class=\"wp-block-embed__wrapper\">\n<iframe title=\"Nedley Robles - Joven Talento Ciclo de M\u00fasicos Espa\u00f1oles - Escuela Superior de M\u00fasica Reina Sof\u00eda\" width=\"500\" height=\"281\" src=\"https:\/\/www.youtube.com\/embed\/NiqWRvjAIXI?feature=oembed\" frameborder=\"0\" allow=\"accelerometer; autoplay; clipboard-write; encrypted-media; gyroscope; picture-in-picture; web-share\" referrerpolicy=\"strict-origin-when-cross-origin\" allowfullscreen><\/iframe>\n<\/div><\/figure>\n<\/div>\n<\/div>\n\n\n\n<div class=\"wp-block-columns is-layout-flex wp-container-core-columns-is-layout-28f84493 wp-block-columns-is-layout-flex\">\n<div class=\"wp-block-column is-layout-flow wp-block-column-is-layout-flow\" style=\"flex-basis:100%\">\n<div class=\"wp-block-columns is-layout-flex wp-container-core-columns-is-layout-28f84493 wp-block-columns-is-layout-flex\">\n<div class=\"wp-block-column is-layout-flow wp-block-column-is-layout-flow\" style=\"flex-basis:100%\">\n<div class=\"wp-block-columns is-layout-flex wp-container-core-columns-is-layout-28f84493 wp-block-columns-is-layout-flex\">\n<div class=\"wp-block-column is-layout-flow wp-block-column-is-layout-flow\" style=\"flex-basis:100%\">\n<div class=\"wp-block-columns is-layout-flex wp-container-core-columns-is-layout-28f84493 wp-block-columns-is-layout-flex\">\n<div class=\"wp-block-column is-layout-flow wp-block-column-is-layout-flow\" style=\"flex-basis:100%\">\n<div style=\"height:36px\" aria-hidden=\"true\" class=\"wp-block-spacer\"><\/div>\n\n\n\n<div class=\"wp-block-columns is-layout-flex wp-container-core-columns-is-layout-28f84493 wp-block-columns-is-layout-flex\">\n<div class=\"wp-block-column is-layout-flow wp-block-column-is-layout-flow\">\n<h2 class=\"wp-block-heading has-text-align-center\">Alejandro Nava<\/h2>\n\n\n\n<p class=\"has-text-align-center\">Apoyo para conciertos en Espa\u00f1a y clases magistrales<\/p>\n\n\n\n<figure class=\"wp-embed-aspect-4-3 wp-has-aspect-ratio wp-block-embed is-type-video is-provider-youtube wp-block-embed-youtube\"><div class=\"wp-block-embed__wrapper\">\n<iframe title=\"Alejandro Nava  Guitarrista - Joven talento - Ciclo de M\u00fasicos Espa\u00f1oles -\" width=\"500\" height=\"375\" src=\"https:\/\/www.youtube.com\/embed\/CH7j-rD2c9c?feature=oembed\" frameborder=\"0\" allow=\"accelerometer; autoplay; clipboard-write; encrypted-media; gyroscope; picture-in-picture; web-share\" referrerpolicy=\"strict-origin-when-cross-origin\" allowfullscreen><\/iframe>\n<\/div><\/figure>\n<\/div>\n\n\n\n<div class=\"wp-block-column is-layout-flow wp-block-column-is-layout-flow\">\n<h2 class=\"wp-block-heading has-text-align-center\">Jimena M. Claveria<\/h2>\n\n\n\n<p class=\"has-text-align-center\">Beca  Esc. Superior de M\u00fasica  Reina Sof\u00eda <\/p>\n\n\n\n<figure class=\"wp-embed-aspect-16-9 wp-has-aspect-ratio wp-block-embed is-type-video is-provider-youtube wp-block-embed-youtube\"><div class=\"wp-block-embed__wrapper\">\n<iframe title=\"Jimena M. Claveria Oboe, Joven talento -Ciclo de M\u00fasicos Espa\u00f1oles - Esc. Sup. de M\u00fasica Reina Sof\u00eda\" width=\"500\" height=\"281\" src=\"https:\/\/www.youtube.com\/embed\/kQlEvTusGjw?feature=oembed\" frameborder=\"0\" allow=\"accelerometer; autoplay; clipboard-write; encrypted-media; gyroscope; picture-in-picture; web-share\" referrerpolicy=\"strict-origin-when-cross-origin\" allowfullscreen><\/iframe>\n<\/div><\/figure>\n<\/div>\n<\/div>\n<\/div>\n<\/div>\n<\/div>\n<\/div>\n<\/div>\n<\/div>\n<\/div>\n<\/div>\n\n\n\n<div class=\"wp-block-columns is-layout-flex wp-container-core-columns-is-layout-28f84493 wp-block-columns-is-layout-flex\">\n<div class=\"wp-block-column is-layout-flow wp-block-column-is-layout-flow\" style=\"flex-basis:100%\">\n<div class=\"wp-block-columns is-layout-flex wp-container-core-columns-is-layout-28f84493 wp-block-columns-is-layout-flex\">\n<div class=\"wp-block-column is-layout-flow wp-block-column-is-layout-flow\" style=\"flex-basis:100%\">\n<div class=\"wp-block-columns is-layout-flex wp-container-core-columns-is-layout-28f84493 wp-block-columns-is-layout-flex\">\n<div class=\"wp-block-column is-layout-flow wp-block-column-is-layout-flow\" style=\"flex-basis:100%\">\n<div class=\"wp-block-columns is-layout-flex wp-container-core-columns-is-layout-28f84493 wp-block-columns-is-layout-flex\">\n<div class=\"wp-block-column is-layout-flow wp-block-column-is-layout-flow\" style=\"flex-basis:100%\">\n<div style=\"height:36px\" aria-hidden=\"true\" class=\"wp-block-spacer\"><\/div>\n\n\n\n<div style=\"height:36px\" aria-hidden=\"true\" class=\"wp-block-spacer\"><\/div>\n<\/div>\n<\/div>\n<\/div>\n<\/div>\n<\/div>\n<\/div>\n<\/div>\n<\/div>\n\n\n\n<h3 class=\"wp-block-heading has-text-align-center\"><strong>JAVIER SOMOZA &#8211; REAL CONSERVATORIO DE M\u00daSICA DE MADRID &#8211; SOCIEDAD ESPA\u00d1OLA DE GUITARRA<\/strong><\/h3>\n\n\n\n<div class=\"wp-block-columns is-layout-flex wp-container-core-columns-is-layout-28f84493 wp-block-columns-is-layout-flex\">\n<div class=\"wp-block-column is-layout-flow wp-block-column-is-layout-flow\" style=\"flex-basis:25%\"><\/div>\n\n\n\n<div class=\"wp-block-column is-layout-flow wp-block-column-is-layout-flow\" style=\"flex-basis:50%\">\n<figure class=\"wp-embed-aspect-16-9 wp-has-aspect-ratio wp-block-embed is-type-video is-provider-youtube wp-block-embed-youtube\"><div class=\"wp-block-embed__wrapper\">\n<iframe title=\"[ANUNCIO] del ganador de la Beca del Real Conservatorio de M\u00fasica de Madrid  por Javier Somoza\" width=\"500\" height=\"281\" src=\"https:\/\/www.youtube.com\/embed\/NE8VPrDXW0g?feature=oembed\" frameborder=\"0\" allow=\"accelerometer; autoplay; clipboard-write; encrypted-media; gyroscope; picture-in-picture; web-share\" referrerpolicy=\"strict-origin-when-cross-origin\" allowfullscreen><\/iframe>\n<\/div><figcaption class=\"wp-element-caption\"><strong>GUITARRISTA SELECCIONADO: <\/strong>ALEJANDRO NAVA<\/figcaption><\/figure>\n<\/div>\n\n\n\n<div class=\"wp-block-column is-layout-flow wp-block-column-is-layout-flow\" style=\"flex-basis:25%\"><\/div>\n<\/div>\n\n\n\n<div style=\"height:53px\" aria-hidden=\"true\" class=\"wp-block-spacer\"><\/div>\n\n\n\n<h3 class=\"wp-block-heading\">PEDRO PABLO C\u00c1MARA &#8211; KATARINA GURSKA<\/h3>\n\n\n\n<div style=\"height:35px\" aria-hidden=\"true\" class=\"wp-block-spacer\"><\/div>\n\n\n\n<div class=\"wp-block-columns is-layout-flex wp-container-core-columns-is-layout-28f84493 wp-block-columns-is-layout-flex\">\n<div class=\"wp-block-column is-layout-flow wp-block-column-is-layout-flow\" style=\"flex-basis:25%\"><\/div>\n\n\n\n<div class=\"wp-block-column is-layout-flow wp-block-column-is-layout-flow\" style=\"flex-basis:50%\">\n<figure class=\"wp-embed-aspect-16-9 wp-has-aspect-ratio wp-block-embed is-type-video is-provider-youtube wp-block-embed-youtube\"><div class=\"wp-block-embed__wrapper\">\n<iframe title=\"[ANUNCIO] del ganador de la Beca del Centro Superior Katarina Gurska  por Pedro Pablo Ca\u0301mara\" width=\"500\" height=\"281\" src=\"https:\/\/www.youtube.com\/embed\/9CewunXeUwM?feature=oembed\" frameborder=\"0\" allow=\"accelerometer; autoplay; clipboard-write; encrypted-media; gyroscope; picture-in-picture; web-share\" referrerpolicy=\"strict-origin-when-cross-origin\" allowfullscreen><\/iframe>\n<\/div><figcaption class=\"wp-element-caption\">SAXOFONISTA SELECCIONADO: BRENDA COYOTL<\/figcaption><\/figure>\n<\/div>\n\n\n\n<div class=\"wp-block-column is-layout-flow wp-block-column-is-layout-flow\" style=\"flex-basis:25%\"><\/div>\n<\/div>\n\n\n\n<div style=\"height:38px\" aria-hidden=\"true\" class=\"wp-block-spacer\"><\/div>\n\n\n\n<p class=\"has-text-align-center\" style=\"font-size:35px\"><strong>Instituciones Participantes en Espa\u00f1a<\/strong><\/p>\n\n\n\n<div style=\"height:5px\" aria-hidden=\"true\" class=\"wp-block-spacer\"><\/div>\n\n\n\n<div class=\"wp-block-columns alignwide is-layout-flex wp-container-core-columns-is-layout-28f84493 wp-block-columns-is-layout-flex\">\n<div class=\"wp-block-column is-layout-flow wp-block-column-is-layout-flow\">\n<figure class=\"wp-block-image aligncenter size-large is-resized\"><img data-recalc-dims=\"1\" loading=\"lazy\" decoding=\"async\" width=\"400\" height=\"250\" src=\"https:\/\/i0.wp.com\/arteconsentido.org\/ciclodemusicos\/wp-content\/uploads\/2021\/02\/Berklee.png?resize=400%2C250&#038;ssl=1\" alt=\"\" class=\"wp-image-143\" style=\"width:214px;height:auto\" srcset=\"https:\/\/i0.wp.com\/arteconsentido.org\/ciclodemusicos\/wp-content\/uploads\/2021\/02\/Berklee.png?w=400&amp;ssl=1 400w, https:\/\/i0.wp.com\/arteconsentido.org\/ciclodemusicos\/wp-content\/uploads\/2021\/02\/Berklee.png?resize=300%2C188&amp;ssl=1 300w\" sizes=\"(max-width: 400px) 100vw, 400px\" \/><\/figure>\n<\/div>\n\n\n\n<div class=\"wp-block-column is-layout-flow wp-block-column-is-layout-flow\">\n<div style=\"height:22px\" aria-hidden=\"true\" class=\"wp-block-spacer\"><\/div>\n\n\n\n<figure class=\"wp-block-image aligncenter size-large is-resized\"><img data-recalc-dims=\"1\" loading=\"lazy\" decoding=\"async\" width=\"1024\" height=\"228\" src=\"https:\/\/i0.wp.com\/arteconsentido.org\/ciclodemusicos\/wp-content\/uploads\/2022\/11\/SAE-LOGO_CREAT-MEDIA-EDU_WHITE_web.png?resize=1024%2C228&#038;ssl=1\" alt=\"\" class=\"wp-image-577\" style=\"width:234px;height:auto\" srcset=\"https:\/\/i0.wp.com\/arteconsentido.org\/ciclodemusicos\/wp-content\/uploads\/2022\/11\/SAE-LOGO_CREAT-MEDIA-EDU_WHITE_web.png?resize=1024%2C228&amp;ssl=1 1024w, https:\/\/i0.wp.com\/arteconsentido.org\/ciclodemusicos\/wp-content\/uploads\/2022\/11\/SAE-LOGO_CREAT-MEDIA-EDU_WHITE_web.png?resize=300%2C67&amp;ssl=1 300w, https:\/\/i0.wp.com\/arteconsentido.org\/ciclodemusicos\/wp-content\/uploads\/2022\/11\/SAE-LOGO_CREAT-MEDIA-EDU_WHITE_web.png?resize=768%2C171&amp;ssl=1 768w, https:\/\/i0.wp.com\/arteconsentido.org\/ciclodemusicos\/wp-content\/uploads\/2022\/11\/SAE-LOGO_CREAT-MEDIA-EDU_WHITE_web.png?resize=1536%2C342&amp;ssl=1 1536w, https:\/\/i0.wp.com\/arteconsentido.org\/ciclodemusicos\/wp-content\/uploads\/2022\/11\/SAE-LOGO_CREAT-MEDIA-EDU_WHITE_web.png?resize=2048%2C456&amp;ssl=1 2048w, https:\/\/i0.wp.com\/arteconsentido.org\/ciclodemusicos\/wp-content\/uploads\/2022\/11\/SAE-LOGO_CREAT-MEDIA-EDU_WHITE_web.png?w=3000&amp;ssl=1 3000w\" sizes=\"(max-width: 1000px) 100vw, 1000px\" \/><\/figure>\n<\/div>\n<\/div>\n\n\n\n<div class=\"wp-block-columns is-layout-flex wp-container-core-columns-is-layout-28f84493 wp-block-columns-is-layout-flex\">\n<div class=\"wp-block-column is-layout-flow wp-block-column-is-layout-flow\">\n<p class=\"\"><\/p>\n\n\n\n<figure class=\"wp-block-image size-full\"><img data-recalc-dims=\"1\" loading=\"lazy\" decoding=\"async\" width=\"900\" height=\"171\" src=\"https:\/\/i0.wp.com\/arteconsentido.org\/ciclodemusicos\/wp-content\/uploads\/2025\/03\/EscuelaSuperiorDeMusica-1.jpg?resize=900%2C171&#038;ssl=1\" alt=\"\" class=\"wp-image-778\" srcset=\"https:\/\/i0.wp.com\/arteconsentido.org\/ciclodemusicos\/wp-content\/uploads\/2025\/03\/EscuelaSuperiorDeMusica-1.jpg?w=900&amp;ssl=1 900w, https:\/\/i0.wp.com\/arteconsentido.org\/ciclodemusicos\/wp-content\/uploads\/2025\/03\/EscuelaSuperiorDeMusica-1.jpg?resize=300%2C57&amp;ssl=1 300w, https:\/\/i0.wp.com\/arteconsentido.org\/ciclodemusicos\/wp-content\/uploads\/2025\/03\/EscuelaSuperiorDeMusica-1.jpg?resize=768%2C146&amp;ssl=1 768w\" sizes=\"(max-width: 900px) 100vw, 900px\" \/><\/figure>\n<\/div>\n\n\n\n<div class=\"wp-block-column is-layout-flow wp-block-column-is-layout-flow\">\n<figure class=\"wp-block-image aligncenter size-full is-resized\"><img data-recalc-dims=\"1\" loading=\"lazy\" decoding=\"async\" width=\"400\" height=\"250\" src=\"https:\/\/i0.wp.com\/arteconsentido.org\/ciclodemusicos\/wp-content\/uploads\/2025\/03\/RCSMM_sW.webp?resize=400%2C250&#038;ssl=1\" alt=\"\" class=\"wp-image-777\" style=\"width:267px;height:auto\" srcset=\"https:\/\/i0.wp.com\/arteconsentido.org\/ciclodemusicos\/wp-content\/uploads\/2025\/03\/RCSMM_sW.webp?w=400&amp;ssl=1 400w, https:\/\/i0.wp.com\/arteconsentido.org\/ciclodemusicos\/wp-content\/uploads\/2025\/03\/RCSMM_sW.webp?resize=300%2C188&amp;ssl=1 300w\" sizes=\"(max-width: 400px) 100vw, 400px\" \/><\/figure>\n<\/div>\n\n\n\n<div class=\"wp-block-column is-layout-flow wp-block-column-is-layout-flow\">\n<p class=\"\"><\/p>\n\n\n\n<figure class=\"wp-block-image aligncenter size-full is-resized\"><img data-recalc-dims=\"1\" loading=\"lazy\" decoding=\"async\" width=\"348\" height=\"62\" src=\"https:\/\/i0.wp.com\/arteconsentido.org\/ciclodemusicos\/wp-content\/uploads\/2025\/03\/KatarinaGurska_w-1.png?resize=348%2C62&#038;ssl=1\" alt=\"\" class=\"wp-image-780\" style=\"width:247px;height:auto\" srcset=\"https:\/\/i0.wp.com\/arteconsentido.org\/ciclodemusicos\/wp-content\/uploads\/2025\/03\/KatarinaGurska_w-1.png?w=348&amp;ssl=1 348w, https:\/\/i0.wp.com\/arteconsentido.org\/ciclodemusicos\/wp-content\/uploads\/2025\/03\/KatarinaGurska_w-1.png?resize=300%2C53&amp;ssl=1 300w\" sizes=\"(max-width: 348px) 100vw, 348px\" \/><\/figure>\n<\/div>\n<\/div>\n\n\n\n<div style=\"height:68px\" aria-hidden=\"true\" class=\"wp-block-spacer\"><\/div>\n\n\n\n<p class=\"has-text-align-center\" style=\"font-size:35px\"><strong>Instituciones Colaboradoras en Espa\u00f1a<\/strong><\/p>\n<\/div>\n\n\n\n<div class=\"wp-block-column is-layout-flow wp-block-column-is-layout-flow\"><\/div>\n\n\n\n<div class=\"wp-block-column is-layout-flow wp-block-column-is-layout-flow\" style=\"flex-basis:5%\"><\/div>\n<\/div>\n\n\n\n<div class=\"wp-block-columns is-layout-flex wp-container-core-columns-is-layout-28f84493 wp-block-columns-is-layout-flex\">\n<div class=\"wp-block-column is-layout-flow wp-block-column-is-layout-flow\"><\/div>\n<\/div>\n\n\n\n<div class=\"wp-block-columns is-layout-flex wp-container-core-columns-is-layout-28f84493 wp-block-columns-is-layout-flex\">\n<div class=\"wp-block-column is-layout-flow wp-block-column-is-layout-flow\">\n<div style=\"height:31px\" aria-hidden=\"true\" class=\"wp-block-spacer\"><\/div>\n\n\n\n<figure class=\"wp-block-image aligncenter size-full is-resized\"><img data-recalc-dims=\"1\" loading=\"lazy\" decoding=\"async\" width=\"400\" height=\"250\" src=\"https:\/\/i0.wp.com\/arteconsentido.org\/ciclodemusicos\/wp-content\/uploads\/2021\/02\/SEG-2.png?resize=400%2C250&#038;ssl=1\" alt=\"\" class=\"wp-image-303\" style=\"width:221px;height:138px\" srcset=\"https:\/\/i0.wp.com\/arteconsentido.org\/ciclodemusicos\/wp-content\/uploads\/2021\/02\/SEG-2.png?w=400&amp;ssl=1 400w, https:\/\/i0.wp.com\/arteconsentido.org\/ciclodemusicos\/wp-content\/uploads\/2021\/02\/SEG-2.png?resize=300%2C188&amp;ssl=1 300w\" sizes=\"(max-width: 400px) 100vw, 400px\" \/><\/figure>\n<\/div>\n\n\n\n<div class=\"wp-block-column is-layout-flow wp-block-column-is-layout-flow\">\n<div style=\"height:18px\" aria-hidden=\"true\" class=\"wp-block-spacer\"><\/div>\n\n\n\n<figure class=\"wp-block-image aligncenter size-full is-resized\"><img data-recalc-dims=\"1\" loading=\"lazy\" decoding=\"async\" width=\"400\" height=\"250\" src=\"https:\/\/i0.wp.com\/arteconsentido.org\/ciclodemusicos\/wp-content\/uploads\/2022\/10\/Eutherpe.png?resize=400%2C250&#038;ssl=1\" alt=\"\" class=\"wp-image-572\" style=\"width:230px;height:144px\" srcset=\"https:\/\/i0.wp.com\/arteconsentido.org\/ciclodemusicos\/wp-content\/uploads\/2022\/10\/Eutherpe.png?w=400&amp;ssl=1 400w, https:\/\/i0.wp.com\/arteconsentido.org\/ciclodemusicos\/wp-content\/uploads\/2022\/10\/Eutherpe.png?resize=300%2C188&amp;ssl=1 300w\" sizes=\"(max-width: 400px) 100vw, 400px\" \/><\/figure>\n<\/div>\n\n\n\n<div class=\"wp-block-column is-layout-flow wp-block-column-is-layout-flow\">\n<div style=\"height:20px\" aria-hidden=\"true\" class=\"wp-block-spacer\"><\/div>\n\n\n\n<figure class=\"wp-block-image aligncenter size-large is-resized\"><img data-recalc-dims=\"1\" loading=\"lazy\" decoding=\"async\" width=\"1024\" height=\"548\" src=\"https:\/\/i0.wp.com\/arteconsentido.org\/ciclodemusicos\/wp-content\/uploads\/2022\/10\/3_Logo_IMEX-white.png?resize=1024%2C548&#038;ssl=1\" alt=\"\" class=\"wp-image-574\" style=\"width:256px;height:137px\" srcset=\"https:\/\/i0.wp.com\/arteconsentido.org\/ciclodemusicos\/wp-content\/uploads\/2022\/10\/3_Logo_IMEX-white.png?resize=1024%2C548&amp;ssl=1 1024w, https:\/\/i0.wp.com\/arteconsentido.org\/ciclodemusicos\/wp-content\/uploads\/2022\/10\/3_Logo_IMEX-white.png?resize=300%2C161&amp;ssl=1 300w, https:\/\/i0.wp.com\/arteconsentido.org\/ciclodemusicos\/wp-content\/uploads\/2022\/10\/3_Logo_IMEX-white.png?resize=768%2C411&amp;ssl=1 768w, https:\/\/i0.wp.com\/arteconsentido.org\/ciclodemusicos\/wp-content\/uploads\/2022\/10\/3_Logo_IMEX-white.png?resize=1536%2C822&amp;ssl=1 1536w, https:\/\/i0.wp.com\/arteconsentido.org\/ciclodemusicos\/wp-content\/uploads\/2022\/10\/3_Logo_IMEX-white.png?resize=2048%2C1097&amp;ssl=1 2048w, https:\/\/i0.wp.com\/arteconsentido.org\/ciclodemusicos\/wp-content\/uploads\/2022\/10\/3_Logo_IMEX-white.png?w=3000&amp;ssl=1 3000w\" sizes=\"(max-width: 1000px) 100vw, 1000px\" \/><\/figure>\n<\/div>\n<\/div>\n\n\n\n<div style=\"height:43px\" aria-hidden=\"true\" class=\"wp-block-spacer\"><\/div>\n\n\n\n<p class=\"\"><\/p>\n\n\n\n<p class=\"has-text-align-center has-large-font-size\"><strong>Instituciones que Acogen el Ciclo en M\u00e9xico<\/strong><\/p>\n\n\n\n<div style=\"height:55px\" aria-hidden=\"true\" class=\"wp-block-spacer\"><\/div>\n\n\n\n<div class=\"wp-block-columns is-layout-flex wp-container-core-columns-is-layout-28f84493 wp-block-columns-is-layout-flex\">\n<div class=\"wp-block-column is-layout-flow wp-block-column-is-layout-flow\" style=\"flex-basis:10px\"><\/div>\n\n\n\n<div class=\"wp-block-column is-layout-flow wp-block-column-is-layout-flow\">\n<div style=\"height:9px\" aria-hidden=\"true\" class=\"wp-block-spacer\"><\/div>\n\n\n\n<figure class=\"wp-block-image aligncenter size-full\"><img data-recalc-dims=\"1\" loading=\"lazy\" decoding=\"async\" width=\"428\" height=\"63\" src=\"https:\/\/i0.wp.com\/arteconsentido.org\/ciclodemusicos\/wp-content\/uploads\/2022\/02\/l_esay.png?resize=428%2C63&#038;ssl=1\" alt=\"\" class=\"wp-image-439\" srcset=\"https:\/\/i0.wp.com\/arteconsentido.org\/ciclodemusicos\/wp-content\/uploads\/2022\/02\/l_esay.png?w=428&amp;ssl=1 428w, https:\/\/i0.wp.com\/arteconsentido.org\/ciclodemusicos\/wp-content\/uploads\/2022\/02\/l_esay.png?resize=300%2C44&amp;ssl=1 300w\" sizes=\"(max-width: 428px) 100vw, 428px\" \/><\/figure>\n<\/div>\n\n\n\n<div class=\"wp-block-column is-layout-flow wp-block-column-is-layout-flow\">\n<figure class=\"wp-block-image aligncenter size-full\"><img data-recalc-dims=\"1\" loading=\"lazy\" decoding=\"async\" width=\"73\" height=\"122\" src=\"https:\/\/i0.wp.com\/arteconsentido.org\/ciclodemusicos\/wp-content\/uploads\/2022\/02\/l_unam-1.png?resize=73%2C122&#038;ssl=1\" alt=\"\" class=\"wp-image-442\"\/><\/figure>\n<\/div>\n\n\n\n<div class=\"wp-block-column is-layout-flow wp-block-column-is-layout-flow\">\n<figure class=\"wp-block-image aligncenter size-full\"><img data-recalc-dims=\"1\" loading=\"lazy\" decoding=\"async\" width=\"286\" height=\"121\" src=\"https:\/\/i0.wp.com\/arteconsentido.org\/ciclodemusicos\/wp-content\/uploads\/2022\/02\/l_culturajalisco.png?resize=286%2C121&#038;ssl=1\" alt=\"\" class=\"wp-image-441\"\/><\/figure>\n<\/div>\n\n\n\n<div class=\"wp-block-column is-layout-flow wp-block-column-is-layout-flow\" style=\"flex-basis:0\"><\/div>\n<\/div>\n\n\n\n<p class=\"\"><\/p>\n\n\n\n<div class=\"wp-block-columns is-layout-flex wp-container-core-columns-is-layout-28f84493 wp-block-columns-is-layout-flex\">\n<div class=\"wp-block-column is-layout-flow wp-block-column-is-layout-flow\" style=\"flex-basis:100px\"><\/div>\n\n\n\n<div class=\"wp-block-column is-layout-flow wp-block-column-is-layout-flow\">\n<div class=\"wp-block-columns is-layout-flex wp-container-core-columns-is-layout-28f84493 wp-block-columns-is-layout-flex\" style=\"border-style:none;border-width:0px\">\n<div class=\"wp-block-column is-layout-flow wp-block-column-is-layout-flow\">\n<div style=\"height:14px\" aria-hidden=\"true\" class=\"wp-block-spacer\"><\/div>\n\n\n\n<div style=\"height:1px\" aria-hidden=\"true\" class=\"wp-block-spacer\"><\/div>\n\n\n\n<figure class=\"wp-block-image aligncenter size-full\"><img data-recalc-dims=\"1\" loading=\"lazy\" decoding=\"async\" width=\"567\" height=\"76\" src=\"https:\/\/i0.wp.com\/arteconsentido.org\/ciclodemusicos\/wp-content\/uploads\/2022\/10\/cuuad-Logo-white-copy.png?resize=567%2C76&#038;ssl=1\" alt=\"\" class=\"wp-image-561\" srcset=\"https:\/\/i0.wp.com\/arteconsentido.org\/ciclodemusicos\/wp-content\/uploads\/2022\/10\/cuuad-Logo-white-copy.png?w=567&amp;ssl=1 567w, https:\/\/i0.wp.com\/arteconsentido.org\/ciclodemusicos\/wp-content\/uploads\/2022\/10\/cuuad-Logo-white-copy.png?resize=300%2C40&amp;ssl=1 300w\" sizes=\"(max-width: 567px) 100vw, 567px\" \/><\/figure>\n<\/div>\n\n\n\n<div class=\"wp-block-column is-layout-flow wp-block-column-is-layout-flow\">\n<div style=\"height:43px\" aria-hidden=\"true\" class=\"wp-block-spacer\"><\/div>\n\n\n\n<figure class=\"wp-block-image aligncenter size-full is-resized\"><img data-recalc-dims=\"1\" loading=\"lazy\" decoding=\"async\" width=\"300\" height=\"48\" src=\"https:\/\/i0.wp.com\/arteconsentido.org\/ciclodemusicos\/wp-content\/uploads\/2022\/06\/Cultura_UDG.png?resize=300%2C48&#038;ssl=1\" alt=\"\" class=\"wp-image-470\" style=\"width:281px;height:45px\"\/><\/figure>\n<\/div>\n<\/div>\n<\/div>\n\n\n\n<div class=\"wp-block-column is-layout-flow wp-block-column-is-layout-flow\" style=\"flex-basis:100px\"><\/div>\n<\/div>\n\n\n\n<div style=\"height:69px\" aria-hidden=\"true\" class=\"wp-block-spacer\"><\/div>\n\n\n\n<p class=\"has-text-align-center has-large-font-size\">Instituciones que Colaboran en M\u00e9xico<\/p>\n\n\n\n<div class=\"wp-block-columns is-layout-flex wp-container-core-columns-is-layout-28f84493 wp-block-columns-is-layout-flex\">\n<div class=\"wp-block-column is-layout-flow wp-block-column-is-layout-flow\">\n<figure class=\"wp-block-image aligncenter size-full is-resized\"><img data-recalc-dims=\"1\" loading=\"lazy\" decoding=\"async\" width=\"417\" height=\"126\" src=\"https:\/\/i0.wp.com\/arteconsentido.org\/ciclodemusicos\/wp-content\/uploads\/2022\/02\/CCEM.png?resize=417%2C126&#038;ssl=1\" alt=\"\" class=\"wp-image-443\" style=\"width:362px;height:110px\" srcset=\"https:\/\/i0.wp.com\/arteconsentido.org\/ciclodemusicos\/wp-content\/uploads\/2022\/02\/CCEM.png?w=417&amp;ssl=1 417w, https:\/\/i0.wp.com\/arteconsentido.org\/ciclodemusicos\/wp-content\/uploads\/2022\/02\/CCEM.png?resize=300%2C91&amp;ssl=1 300w\" sizes=\"(max-width: 417px) 100vw, 417px\" \/><\/figure>\n<\/div>\n<\/div>\n\n\n\n<div style=\"height:69px\" aria-hidden=\"true\" class=\"wp-block-spacer\"><\/div>\n\n\n\n<p class=\"has-text-align-center has-large-font-size\">En Colaboraci\u00f3n con los Siguientes Eventos:<\/p>\n\n\n\n<div class=\"wp-block-columns is-layout-flex wp-container-core-columns-is-layout-28f84493 wp-block-columns-is-layout-flex\">\n<div class=\"wp-block-column is-layout-flow wp-block-column-is-layout-flow\" style=\"flex-basis:25%\"><\/div>\n\n\n\n<div class=\"wp-block-column is-layout-flow wp-block-column-is-layout-flow\" style=\"flex-basis:300%\">\n<div class=\"wp-block-columns is-layout-flex wp-container-core-columns-is-layout-28f84493 wp-block-columns-is-layout-flex\">\n<div class=\"wp-block-column is-layout-flow wp-block-column-is-layout-flow\">\n<div style=\"height:20px\" aria-hidden=\"true\" class=\"wp-block-spacer\"><\/div>\n\n\n\n<figure class=\"wp-block-image aligncenter size-full is-resized\"><img data-recalc-dims=\"1\" loading=\"lazy\" decoding=\"async\" width=\"754\" height=\"460\" src=\"https:\/\/i0.wp.com\/arteconsentido.org\/ciclodemusicos\/wp-content\/uploads\/2022\/06\/blanco_negro-de-Logo-clarisax22OK.png?resize=754%2C460&#038;ssl=1\" alt=\"\" class=\"wp-image-457\" style=\"width:189px;height:114px\" srcset=\"https:\/\/i0.wp.com\/arteconsentido.org\/ciclodemusicos\/wp-content\/uploads\/2022\/06\/blanco_negro-de-Logo-clarisax22OK.png?w=754&amp;ssl=1 754w, https:\/\/i0.wp.com\/arteconsentido.org\/ciclodemusicos\/wp-content\/uploads\/2022\/06\/blanco_negro-de-Logo-clarisax22OK.png?resize=300%2C183&amp;ssl=1 300w\" sizes=\"(max-width: 754px) 100vw, 754px\" \/><\/figure>\n<\/div>\n\n\n\n<div class=\"wp-block-column is-layout-flow wp-block-column-is-layout-flow\">\n<div style=\"height:38px\" aria-hidden=\"true\" class=\"wp-block-spacer\"><\/div>\n\n\n\n<figure class=\"wp-block-image aligncenter size-full is-resized\"><img data-recalc-dims=\"1\" loading=\"lazy\" decoding=\"async\" width=\"671\" height=\"198\" src=\"https:\/\/i0.wp.com\/arteconsentido.org\/ciclodemusicos\/wp-content\/uploads\/2022\/06\/XIX-FIUS2022-copy-1.png?resize=671%2C198&#038;ssl=1\" alt=\"\" class=\"wp-image-461\" style=\"width:264px;height:77px\" srcset=\"https:\/\/i0.wp.com\/arteconsentido.org\/ciclodemusicos\/wp-content\/uploads\/2022\/06\/XIX-FIUS2022-copy-1.png?w=671&amp;ssl=1 671w, https:\/\/i0.wp.com\/arteconsentido.org\/ciclodemusicos\/wp-content\/uploads\/2022\/06\/XIX-FIUS2022-copy-1.png?resize=300%2C89&amp;ssl=1 300w\" sizes=\"(max-width: 671px) 100vw, 671px\" \/><\/figure>\n<\/div>\n\n\n\n<div class=\"wp-block-column is-layout-flow wp-block-column-is-layout-flow\">\n<div style=\"height:37px\" aria-hidden=\"true\" class=\"wp-block-spacer\"><\/div>\n\n\n\n<figure class=\"wp-block-image aligncenter size-full is-resized\"><img data-recalc-dims=\"1\" loading=\"lazy\" decoding=\"async\" width=\"636\" height=\"233\" src=\"https:\/\/i0.wp.com\/arteconsentido.org\/ciclodemusicos\/wp-content\/uploads\/2022\/06\/logo-fimpro-blanco-1.png?resize=636%2C233&#038;ssl=1\" alt=\"\" class=\"wp-image-474\" style=\"width:188px;height:68px\" srcset=\"https:\/\/i0.wp.com\/arteconsentido.org\/ciclodemusicos\/wp-content\/uploads\/2022\/06\/logo-fimpro-blanco-1.png?w=636&amp;ssl=1 636w, https:\/\/i0.wp.com\/arteconsentido.org\/ciclodemusicos\/wp-content\/uploads\/2022\/06\/logo-fimpro-blanco-1.png?resize=300%2C110&amp;ssl=1 300w\" sizes=\"(max-width: 636px) 100vw, 636px\" \/><\/figure>\n<\/div>\n<\/div>\n<\/div>\n\n\n\n<div class=\"wp-block-column is-layout-flow wp-block-column-is-layout-flow\" style=\"flex-basis:25%\"><\/div>\n<\/div>\n\n\n\n<div class=\"wp-block-columns is-layout-flex wp-container-core-columns-is-layout-28f84493 wp-block-columns-is-layout-flex\">\n<div class=\"wp-block-column is-layout-flow wp-block-column-is-layout-flow\" style=\"flex-basis:25%\"><\/div>\n\n\n\n<div class=\"wp-block-column is-layout-flow wp-block-column-is-layout-flow\" style=\"flex-basis:300%\">\n<div class=\"wp-block-columns is-layout-flex wp-container-core-columns-is-layout-28f84493 wp-block-columns-is-layout-flex\">\n<div class=\"wp-block-column is-layout-flow wp-block-column-is-layout-flow\">\n<div style=\"height:40px\" aria-hidden=\"true\" class=\"wp-block-spacer\"><\/div>\n\n\n\n<figure class=\"wp-block-image aligncenter size-full is-resized\"><img data-recalc-dims=\"1\" loading=\"lazy\" decoding=\"async\" width=\"478\" height=\"131\" src=\"https:\/\/i0.wp.com\/arteconsentido.org\/ciclodemusicos\/wp-content\/uploads\/2022\/06\/EncuentroUnamOboe.png?resize=478%2C131&#038;ssl=1\" alt=\"\" class=\"wp-image-464\" style=\"width:239px;height:64px\" srcset=\"https:\/\/i0.wp.com\/arteconsentido.org\/ciclodemusicos\/wp-content\/uploads\/2022\/06\/EncuentroUnamOboe.png?w=478&amp;ssl=1 478w, https:\/\/i0.wp.com\/arteconsentido.org\/ciclodemusicos\/wp-content\/uploads\/2022\/06\/EncuentroUnamOboe.png?resize=300%2C82&amp;ssl=1 300w\" sizes=\"(max-width: 478px) 100vw, 478px\" \/><\/figure>\n<\/div>\n\n\n\n<div class=\"wp-block-column is-layout-flow wp-block-column-is-layout-flow\">\n<div style=\"height:0px\" aria-hidden=\"true\" class=\"wp-block-spacer\"><\/div>\n\n\n\n<div style=\"height:5px\" aria-hidden=\"true\" class=\"wp-block-spacer\"><\/div>\n\n\n\n<figure class=\"wp-block-image aligncenter size-large is-resized\"><img data-recalc-dims=\"1\" loading=\"lazy\" decoding=\"async\" width=\"1024\" height=\"344\" src=\"https:\/\/i0.wp.com\/arteconsentido.org\/ciclodemusicos\/wp-content\/uploads\/2022\/10\/LOGO-FIMNME-small-1.png?resize=1024%2C344&#038;ssl=1\" alt=\"\" class=\"wp-image-558\" style=\"width:266px;height:89px\" srcset=\"https:\/\/i0.wp.com\/arteconsentido.org\/ciclodemusicos\/wp-content\/uploads\/2022\/10\/LOGO-FIMNME-small-1.png?resize=1024%2C344&amp;ssl=1 1024w, https:\/\/i0.wp.com\/arteconsentido.org\/ciclodemusicos\/wp-content\/uploads\/2022\/10\/LOGO-FIMNME-small-1.png?resize=300%2C101&amp;ssl=1 300w, https:\/\/i0.wp.com\/arteconsentido.org\/ciclodemusicos\/wp-content\/uploads\/2022\/10\/LOGO-FIMNME-small-1.png?resize=768%2C258&amp;ssl=1 768w, https:\/\/i0.wp.com\/arteconsentido.org\/ciclodemusicos\/wp-content\/uploads\/2022\/10\/LOGO-FIMNME-small-1.png?w=1487&amp;ssl=1 1487w\" sizes=\"(max-width: 1000px) 100vw, 1000px\" \/><\/figure>\n<\/div>\n\n\n\n<div class=\"wp-block-column is-layout-flow wp-block-column-is-layout-flow\">\n<div style=\"height:5px\" aria-hidden=\"true\" class=\"wp-block-spacer\"><\/div>\n\n\n\n<figure class=\"wp-block-image size-large\"><img data-recalc-dims=\"1\" loading=\"lazy\" decoding=\"async\" width=\"1024\" height=\"399\" src=\"https:\/\/i0.wp.com\/arteconsentido.org\/ciclodemusicos\/wp-content\/uploads\/2022\/10\/ID-guitunam-2022.png?resize=1024%2C399&#038;ssl=1\" alt=\"\" class=\"wp-image-554\" srcset=\"https:\/\/i0.wp.com\/arteconsentido.org\/ciclodemusicos\/wp-content\/uploads\/2022\/10\/ID-guitunam-2022.png?resize=1024%2C399&amp;ssl=1 1024w, https:\/\/i0.wp.com\/arteconsentido.org\/ciclodemusicos\/wp-content\/uploads\/2022\/10\/ID-guitunam-2022.png?resize=300%2C117&amp;ssl=1 300w, https:\/\/i0.wp.com\/arteconsentido.org\/ciclodemusicos\/wp-content\/uploads\/2022\/10\/ID-guitunam-2022.png?resize=768%2C299&amp;ssl=1 768w, https:\/\/i0.wp.com\/arteconsentido.org\/ciclodemusicos\/wp-content\/uploads\/2022\/10\/ID-guitunam-2022.png?w=1200&amp;ssl=1 1200w\" sizes=\"(max-width: 1000px) 100vw, 1000px\" \/><\/figure>\n<\/div>\n<\/div>\n<\/div>\n\n\n\n<div class=\"wp-block-column is-layout-flow wp-block-column-is-layout-flow\" style=\"flex-basis:25%\"><\/div>\n<\/div>\n\n\n\n<div style=\"height:40px\" aria-hidden=\"true\" class=\"wp-block-spacer\"><\/div>\n\n\n\n<div class=\"wp-block-columns is-layout-flex wp-container-core-columns-is-layout-28f84493 wp-block-columns-is-layout-flex\">\n<div class=\"wp-block-column is-layout-flow wp-block-column-is-layout-flow\">\n<div style=\"height:56px\" aria-hidden=\"true\" class=\"wp-block-spacer\"><\/div>\n\n\n\n<figure class=\"wp-block-image aligncenter size-full is-resized\"><img data-recalc-dims=\"1\" loading=\"lazy\" decoding=\"async\" width=\"567\" height=\"76\" src=\"https:\/\/i0.wp.com\/arteconsentido.org\/ciclodemusicos\/wp-content\/uploads\/2022\/10\/cuuad-Logo-white-copy.png?resize=567%2C76&#038;ssl=1\" alt=\"\" class=\"wp-image-561\" style=\"width:524px;height:70px\" srcset=\"https:\/\/i0.wp.com\/arteconsentido.org\/ciclodemusicos\/wp-content\/uploads\/2022\/10\/cuuad-Logo-white-copy.png?w=567&amp;ssl=1 567w, https:\/\/i0.wp.com\/arteconsentido.org\/ciclodemusicos\/wp-content\/uploads\/2022\/10\/cuuad-Logo-white-copy.png?resize=300%2C40&amp;ssl=1 300w\" sizes=\"(max-width: 567px) 100vw, 567px\" \/><\/figure>\n<\/div>\n\n\n\n<div class=\"wp-block-column is-layout-flow wp-block-column-is-layout-flow\">\n<div style=\"height:32px\" aria-hidden=\"true\" class=\"wp-block-spacer\"><\/div>\n\n\n\n<figure class=\"wp-block-image aligncenter size-large is-resized\"><img data-recalc-dims=\"1\" loading=\"lazy\" decoding=\"async\" width=\"1024\" height=\"248\" src=\"https:\/\/i0.wp.com\/arteconsentido.org\/ciclodemusicos\/wp-content\/uploads\/2022\/10\/Logo-ccemx20ani.png?resize=1024%2C248&#038;ssl=1\" alt=\"\" class=\"wp-image-564\" style=\"width:369px;height:89px\" srcset=\"https:\/\/i0.wp.com\/arteconsentido.org\/ciclodemusicos\/wp-content\/uploads\/2022\/10\/Logo-ccemx20ani.png?resize=1024%2C248&amp;ssl=1 1024w, https:\/\/i0.wp.com\/arteconsentido.org\/ciclodemusicos\/wp-content\/uploads\/2022\/10\/Logo-ccemx20ani.png?resize=300%2C73&amp;ssl=1 300w, https:\/\/i0.wp.com\/arteconsentido.org\/ciclodemusicos\/wp-content\/uploads\/2022\/10\/Logo-ccemx20ani.png?resize=768%2C186&amp;ssl=1 768w, https:\/\/i0.wp.com\/arteconsentido.org\/ciclodemusicos\/wp-content\/uploads\/2022\/10\/Logo-ccemx20ani.png?resize=1536%2C372&amp;ssl=1 1536w, https:\/\/i0.wp.com\/arteconsentido.org\/ciclodemusicos\/wp-content\/uploads\/2022\/10\/Logo-ccemx20ani.png?w=1867&amp;ssl=1 1867w\" sizes=\"(max-width: 1000px) 100vw, 1000px\" \/><figcaption class=\"wp-element-caption\">Centro Cultural de Espa\u00f1a en M\u00e9xico 20 Aniversario<\/figcaption><\/figure>\n<\/div>\n<\/div>\n\n\n\n<p class=\"\"><\/p>\n","protected":false},"excerpt":{"rendered":"<p>Ciclo de M\u00fasicos Espa\u00f1oles en M\u00e9xico Con esta segunda versi\u00f3n del Ciclo, organizada en colaboraci\u00f3n con el Grupo Belceti S.A. de C.V., y despu\u00e9s de la magn\u00edfica experiencia en Colombia, hemos buscado generar una mayor impacto a nivel cultural generando alianzas con instituciones culturales muy relevantes en M\u00e9xico y colaborando en festivales de primer orden [&hellip;]<\/p>\n","protected":false},"author":1,"featured_media":0,"parent":0,"menu_order":0,"comment_status":"closed","ping_status":"closed","template":"","meta":{"nf_dc_page":"","om_disable_all_campaigns":false,"_monsterinsights_skip_tracking":false,"_monsterinsights_sitenote_active":false,"_monsterinsights_sitenote_note":"","_monsterinsights_sitenote_category":0,"site-sidebar-layout":"default","site-content-layout":"default","ast-site-content-layout":"default","site-content-style":"default","site-sidebar-style":"default","ast-global-header-display":"","ast-banner-title-visibility":"","ast-main-header-display":"","ast-hfb-above-header-display":"","ast-hfb-below-header-display":"","ast-hfb-mobile-header-display":"","site-post-title":"disabled","ast-breadcrumbs-content":"","ast-featured-img":"","footer-sml-layout":"","ast-disable-related-posts":"","theme-transparent-header-meta":"default","adv-header-id-meta":"","stick-header-meta":"","header-above-stick-meta":"","header-main-stick-meta":"","header-below-stick-meta":"","astra-migrate-meta-layouts":"set","ast-page-background-enabled":"default","ast-page-background-meta":{"desktop":{"background-color":"","background-image":"","background-repeat":"repeat","background-position":"center center","background-size":"auto","background-attachment":"scroll","background-type":"","background-media":"","overlay-type":"","overlay-color":"","overlay-opacity":"","overlay-gradient":""},"tablet":{"background-color":"","background-image":"","background-repeat":"repeat","background-position":"center center","background-size":"auto","background-attachment":"scroll","background-type":"","background-media":"","overlay-type":"","overlay-color":"","overlay-opacity":"","overlay-gradient":""},"mobile":{"background-color":"","background-image":"","background-repeat":"repeat","background-position":"center center","background-size":"auto","background-attachment":"scroll","background-type":"","background-media":"","overlay-type":"","overlay-color":"","overlay-opacity":"","overlay-gradient":""}},"ast-content-background-meta":{"desktop":{"background-color":"var(--ast-global-color-5)","background-image":"","background-repeat":"repeat","background-position":"center center","background-size":"auto","background-attachment":"scroll","background-type":"","background-media":"","overlay-type":"","overlay-color":"","overlay-opacity":"","overlay-gradient":""},"tablet":{"background-color":"var(--ast-global-color-5)","background-image":"","background-repeat":"repeat","background-position":"center center","background-size":"auto","background-attachment":"scroll","background-type":"","background-media":"","overlay-type":"","overlay-color":"","overlay-opacity":"","overlay-gradient":""},"mobile":{"background-color":"var(--ast-global-color-5)","background-image":"","background-repeat":"repeat","background-position":"center center","background-size":"auto","background-attachment":"scroll","background-type":"","background-media":"","overlay-type":"","overlay-color":"","overlay-opacity":"","overlay-gradient":""}},"footnotes":""},"class_list":["post-8","page","type-page","status-publish","hentry"],"jetpack_sharing_enabled":true,"_links":{"self":[{"href":"https:\/\/arteconsentido.org\/ciclodemusicos\/index.php?rest_route=\/wp\/v2\/pages\/8","targetHints":{"allow":["GET"]}}],"collection":[{"href":"https:\/\/arteconsentido.org\/ciclodemusicos\/index.php?rest_route=\/wp\/v2\/pages"}],"about":[{"href":"https:\/\/arteconsentido.org\/ciclodemusicos\/index.php?rest_route=\/wp\/v2\/types\/page"}],"author":[{"embeddable":true,"href":"https:\/\/arteconsentido.org\/ciclodemusicos\/index.php?rest_route=\/wp\/v2\/users\/1"}],"replies":[{"embeddable":true,"href":"https:\/\/arteconsentido.org\/ciclodemusicos\/index.php?rest_route=%2Fwp%2Fv2%2Fcomments&post=8"}],"version-history":[{"count":5,"href":"https:\/\/arteconsentido.org\/ciclodemusicos\/index.php?rest_route=\/wp\/v2\/pages\/8\/revisions"}],"predecessor-version":[{"id":797,"href":"https:\/\/arteconsentido.org\/ciclodemusicos\/index.php?rest_route=\/wp\/v2\/pages\/8\/revisions\/797"}],"wp:attachment":[{"href":"https:\/\/arteconsentido.org\/ciclodemusicos\/index.php?rest_route=%2Fwp%2Fv2%2Fmedia&parent=8"}],"curies":[{"name":"wp","href":"https:\/\/api.w.org\/{rel}","templated":true}]}}